{"id":565,"date":"2022-07-20T11:50:46","date_gmt":"2022-07-20T09:50:46","guid":{"rendered":"https:\/\/www.gharecords.com\/catalogue\/labyrinthes-dun-guitariste\/"},"modified":"2022-07-20T11:50:46","modified_gmt":"2022-07-20T09:50:46","slug":"labyrinthes-dun-guitariste-2","status":"publish","type":"product","link":"https:\/\/www.gharecords.com\/en\/catalogue\/labyrinthes-dun-guitariste-2\/","title":{"rendered":"Labyrinthes d\u2019un guitariste"},"content":{"rendered":"<p>*** THIS BOOK AVAILABLE ONLY IN FRENCH *** Un guitariste porte un regard sur son parcours dans la deuxi\u00e8me moiti\u00e9 du si\u00e8cle dernier \u00e0 Paris \u00e0 travers des prismes successifs : la guitare <em>\ufb02amenca<\/em>, puis classique, la guitare baroque et l\u2019aventure contemporaine. Rafael Andia t\u00e9moigne d\u2019une \u00e9poque bouillonnante, parsem\u00e9e d\u2019enthousiasmes et de doutes. Par ailleurs, n\u00e9 dans un milieu de r\u00e9fugi\u00e9s politiques, il montre comment cette diff\u00e9rence imprime son \ufb01ligrane dans cet itin\u00e9raire. Ce livre, en prise directe sur le devenir de la guitare, se veut aussi une relation \u00ab brute et subjective \u00bb de la vie des guitaristes dans ces ann\u00e9es ; un r\u00e9cit parsem\u00e9 d\u2019anecdotes, o\u00f9 d\u00e9\ufb01lent les silhouettes de quelques personnalit\u00e9s de ce paysage musical, de Maurice Ohana et Emilio Pujol \u00e0 Tristan Murail.<\/p>\n","protected":false},"excerpt":{"rendered":"<p>*** THIS BOOK AVAILABLE ONLY IN FRENCH *** Un guitariste porte un regard sur son parcours dans la deuxi\u00e8me moiti\u00e9 du si\u00e8cle dernier \u00e0 Paris \u00e0 travers des prismes successifs : la guitare \ufb02amenca, puis classique, la guitare baroque et l\u2019aventure contemporaine. Rafael Andia t\u00e9moigne d\u2019une \u00e9poque bouillonnante, parsem\u00e9e d\u2019enthousiasmes et de doutes. Par ailleurs, [&hellip;]<\/p>\n","protected":false},"featured_media":492,"comment_status":"open","ping_status":"closed","template":"","meta":{"_acf_changed":false},"artiste":[88],"product_brand":[],"product_cat":[51],"product_tag":[],"class_list":{"0":"post-565","1":"product","2":"type-product","3":"status-publish","4":"has-post-thumbnail","6":"artiste-rafael-andia-en","7":"product_cat-books","9":"first","10":"instock","11":"taxable","12":"shipping-taxable","13":"purchasable","14":"product-type-simple"},"acf":[],"_links":{"self":[{"href":"https:\/\/www.gharecords.com\/en\/wp-json\/wp\/v2\/product\/565","targetHints":{"allow":["GET"]}}],"collection":[{"href":"https:\/\/www.gharecords.com\/en\/wp-json\/wp\/v2\/product"}],"about":[{"href":"https:\/\/www.gharecords.com\/en\/wp-json\/wp\/v2\/types\/product"}],"replies":[{"embeddable":true,"href":"https:\/\/www.gharecords.com\/en\/wp-json\/wp\/v2\/comments?post=565"}],"wp:featuredmedia":[{"embeddable":true,"href":"https:\/\/www.gharecords.com\/en\/wp-json\/wp\/v2\/media\/492"}],"wp:attachment":[{"href":"https:\/\/www.gharecords.com\/en\/wp-json\/wp\/v2\/media?parent=565"}],"wp:term":[{"taxonomy":"artiste","embeddable":true,"href":"https:\/\/www.gharecords.com\/en\/wp-json\/wp\/v2\/artiste?post=565"},{"taxonomy":"product_brand","embeddable":true,"href":"https:\/\/www.gharecords.com\/en\/wp-json\/wp\/v2\/product_brand?post=565"},{"taxonomy":"product_cat","embeddable":true,"href":"https:\/\/www.gharecords.com\/en\/wp-json\/wp\/v2\/product_cat?post=565"},{"taxonomy":"product_tag","embeddable":true,"href":"https:\/\/www.gharecords.com\/en\/wp-json\/wp\/v2\/product_tag?post=565"}],"curies":[{"name":"wp","href":"https:\/\/api.w.org\/{rel}","templated":true}]}}